{"version":"1.0","provider_name":"Lyc\u00e9e Fran\u00e7ais Saint Louis de Stockholm","provider_url":"https:\/\/www.lfsl.net\/sv\/","author_name":"LFSL","author_url":"https:\/\/www.lfsl.net\/sv\/author\/lfsladmin\/","title":"Affisch-t\u00e4vling f\u00f6r att bek\u00e4mpa mobbning i skolan &#8211; Lyc\u00e9e Fran\u00e7ais Saint Louis de Stockholm","type":"rich","width":600,"height":338,"html":"<blockquote class=\"wp-embedded-content\" data-secret=\"H7AAdTsuVO\"><a href=\"https:\/\/www.lfsl.net\/sv\/affisch-tavling-for-att-bekampa-mobbning-i-skolan\/\">Affisch-t\u00e4vling f\u00f6r att bek\u00e4mpa mobbning i skolan<\/a><\/blockquote><iframe sandbox=\"allow-scripts\" security=\"restricted\" src=\"https:\/\/www.lfsl.net\/sv\/affisch-tavling-for-att-bekampa-mobbning-i-skolan\/embed\/#?secret=H7AAdTsuVO\" width=\"600\" height=\"338\" title=\"\u201dAffisch-t\u00e4vling f\u00f6r att bek\u00e4mpa mobbning i skolan\u201d &ndash; Lyc\u00e9e Fran\u00e7ais Saint Louis de Stockholm\" data-secret=\"H7AAdTsuVO\" frameborder=\"0\" marginwidth=\"0\" marginheight=\"0\" scrolling=\"no\" class=\"wp-embedded-content\"><\/iframe><script>\n\/*! This file is auto-generated *\/\n!function(d,l){\"use strict\";l.querySelector&&d.addEventListener&&\"undefined\"!=typeof URL&&(d.wp=d.wp||{},d.wp.receiveEmbedMessage||(d.wp.receiveEmbedMessage=function(e){var t=e.data;if((t||t.secret||t.message||t.value)&&!\/[^a-zA-Z0-9]\/.test(t.secret)){for(var s,r,n,a=l.querySelectorAll('iframe[data-secret=\"'+t.secret+'\"]'),o=l.querySelectorAll('blockquote[data-secret=\"'+t.secret+'\"]'),c=new RegExp(\"^https?:$\",\"i\"),i=0;i<o.length;i++)o[i].style.display=\"none\";for(i=0;i<a.length;i++)s=a[i],e.source===s.contentWindow&&(s.removeAttribute(\"style\"),\"height\"===t.message?(1e3<(r=parseInt(t.value,10))?r=1e3:~~r<200&&(r=200),s.height=r):\"link\"===t.message&&(r=new URL(s.getAttribute(\"src\")),n=new URL(t.value),c.test(n.protocol))&&n.host===r.host&&l.activeElement===s&&(d.top.location.href=t.value))}},d.addEventListener(\"message\",d.wp.receiveEmbedMessage,!1),l.addEventListener(\"DOMContentLoaded\",function(){for(var e,t,s=l.querySelectorAll(\"iframe.wp-embedded-content\"),r=0;r<s.length;r++)(t=(e=s[r]).getAttribute(\"data-secret\"))||(t=Math.random().toString(36).substring(2,12),e.src+=\"#?secret=\"+t,e.setAttribute(\"data-secret\",t)),e.contentWindow.postMessage({message:\"ready\",secret:t},\"*\")},!1)))}(window,document);\n\/\/# sourceURL=https:\/\/www.lfsl.net\/wp-includes\/js\/wp-embed.min.js\n<\/script>\n","thumbnail_url":"https:\/\/www.lfsl.net\/wp-content\/uploads\/2021\/05\/affiche-harcelement-2021-2_crop.jpg","thumbnail_width":1659,"thumbnail_height":933,"description":"Som en del av veckan mot mobbning i skolor anordnades en affisch-t\u00e4vling f\u00f6r att \u00f6ka medvetenheten om \u00e4mnet. Tv\u00e5 affischer valdes ut f\u00f6r tillf\u00e4llet och de lyckliga vinnarna var Leana Molina och Victoire Ferreira, elever i 5e f\u00f6r deras affisch med betoning p\u00e5 respekt f\u00f6r olikheter och Ma\u00e9 Bruneau i 6e, f\u00f6r hennes affisch, som ... L\u00e4s mer"}