{"version":"1.0","provider_name":"Lyc\u00e9e Fran\u00e7ais Saint Louis de Stockholm","provider_url":"https:\/\/www.lfsl.net\/sv\/","author_name":"LFSL","author_url":"https:\/\/www.lfsl.net\/sv\/author\/lfsladmin\/","title":"\u00c9l\u00e9mentaire - \u00e5terg\u00e5ng till skolan &#8211; Lyc\u00e9e Fran\u00e7ais Saint Louis de Stockholm","type":"rich","width":600,"height":338,"html":"<blockquote class=\"wp-embedded-content\" data-secret=\"kbX7lsRuTV\"><a href=\"https:\/\/www.lfsl.net\/sv\/elementaire-atergang-till-skolan\/\">\u00c9l\u00e9mentaire &#8211; \u00e5terg\u00e5ng till skolan<\/a><\/blockquote><iframe sandbox=\"allow-scripts\" security=\"restricted\" src=\"https:\/\/www.lfsl.net\/sv\/elementaire-atergang-till-skolan\/embed\/#?secret=kbX7lsRuTV\" width=\"600\" height=\"338\" title=\"\u201d\u00c9l\u00e9mentaire &#8211; \u00e5terg\u00e5ng till skolan\u201d &ndash; Lyc\u00e9e Fran\u00e7ais Saint Louis de Stockholm\" data-secret=\"kbX7lsRuTV\" frameborder=\"0\" marginwidth=\"0\" marginheight=\"0\" scrolling=\"no\" class=\"wp-embedded-content\"><\/iframe><script>\n\/*! This file is auto-generated *\/\n!function(d,l){\"use strict\";l.querySelector&&d.addEventListener&&\"undefined\"!=typeof URL&&(d.wp=d.wp||{},d.wp.receiveEmbedMessage||(d.wp.receiveEmbedMessage=function(e){var t=e.data;if((t||t.secret||t.message||t.value)&&!\/[^a-zA-Z0-9]\/.test(t.secret)){for(var s,r,n,a=l.querySelectorAll('iframe[data-secret=\"'+t.secret+'\"]'),o=l.querySelectorAll('blockquote[data-secret=\"'+t.secret+'\"]'),c=new RegExp(\"^https?:$\",\"i\"),i=0;i<o.length;i++)o[i].style.display=\"none\";for(i=0;i<a.length;i++)s=a[i],e.source===s.contentWindow&&(s.removeAttribute(\"style\"),\"height\"===t.message?(1e3<(r=parseInt(t.value,10))?r=1e3:~~r<200&&(r=200),s.height=r):\"link\"===t.message&&(r=new URL(s.getAttribute(\"src\")),n=new URL(t.value),c.test(n.protocol))&&n.host===r.host&&l.activeElement===s&&(d.top.location.href=t.value))}},d.addEventListener(\"message\",d.wp.receiveEmbedMessage,!1),l.addEventListener(\"DOMContentLoaded\",function(){for(var e,t,s=l.querySelectorAll(\"iframe.wp-embedded-content\"),r=0;r<s.length;r++)(t=(e=s[r]).getAttribute(\"data-secret\"))||(t=Math.random().toString(36).substring(2,12),e.src+=\"#?secret=\"+t,e.setAttribute(\"data-secret\",t)),e.contentWindow.postMessage({message:\"ready\",secret:t},\"*\")},!1)))}(window,document);\n\/\/# sourceURL=https:\/\/www.lfsl.net\/wp-includes\/js\/wp-embed.min.js\n<\/script>\n","thumbnail_url":"https:\/\/www.lfsl.net\/wp-content\/uploads\/2020\/05\/Paviljong_crop.jpg","thumbnail_width":951,"thumbnail_height":535,"description":"K\u00e4ra familjer, Sedan vi meddelade f\u00f6rra onsdagen att undervisningen p\u00e5 l\u00e5g- och mellanstadiet \u00e5terupptas i skolans lokaler fr\u00e5n och med torsdag 7 maj, har de pedagogiska och administrativa teamen mobiliserats s\u00e5 att \u00e5terupptagandet sker under de b\u00e4sta f\u00f6rh\u00e5llandena betr\u00e4ffande v\u00e4lkomnande och s\u00e4kerhet f\u00f6r personal och studenter. Nedan hittar ni en l\u00e4nk till ett dokument som ... L\u00e4s mer"}