{"version":"1.0","provider_name":"Lyc\u00e9e Fran\u00e7ais Saint Louis de Stockholm","provider_url":"https:\/\/www.lfsl.net\/sv\/","author_name":"LFSL","author_url":"https:\/\/www.lfsl.net\/sv\/author\/lfsladmin\/","title":"Information om arbetena p\u00e5 skolg\u00e5rden &#8211; Lyc\u00e9e Fran\u00e7ais Saint Louis de Stockholm","type":"rich","width":600,"height":338,"html":"<blockquote class=\"wp-embedded-content\" data-secret=\"c4eHcTvWXM\"><a href=\"https:\/\/www.lfsl.net\/sv\/information-om-arbetena-pa-skolgarden\/\">Information om arbetena p\u00e5 skolg\u00e5rden<\/a><\/blockquote><iframe sandbox=\"allow-scripts\" security=\"restricted\" src=\"https:\/\/www.lfsl.net\/sv\/information-om-arbetena-pa-skolgarden\/embed\/#?secret=c4eHcTvWXM\" width=\"600\" height=\"338\" title=\"\u201dInformation om arbetena p\u00e5 skolg\u00e5rden\u201d &ndash; Lyc\u00e9e Fran\u00e7ais Saint Louis de Stockholm\" data-secret=\"c4eHcTvWXM\" frameborder=\"0\" marginwidth=\"0\" marginheight=\"0\" scrolling=\"no\" class=\"wp-embedded-content\"><\/iframe><script>\n\/*! This file is auto-generated *\/\n!function(d,l){\"use strict\";l.querySelector&&d.addEventListener&&\"undefined\"!=typeof URL&&(d.wp=d.wp||{},d.wp.receiveEmbedMessage||(d.wp.receiveEmbedMessage=function(e){var t=e.data;if((t||t.secret||t.message||t.value)&&!\/[^a-zA-Z0-9]\/.test(t.secret)){for(var s,r,n,a=l.querySelectorAll('iframe[data-secret=\"'+t.secret+'\"]'),o=l.querySelectorAll('blockquote[data-secret=\"'+t.secret+'\"]'),c=new RegExp(\"^https?:$\",\"i\"),i=0;i<o.length;i++)o[i].style.display=\"none\";for(i=0;i<a.length;i++)s=a[i],e.source===s.contentWindow&&(s.removeAttribute(\"style\"),\"height\"===t.message?(1e3<(r=parseInt(t.value,10))?r=1e3:~~r<200&&(r=200),s.height=r):\"link\"===t.message&&(r=new URL(s.getAttribute(\"src\")),n=new URL(t.value),c.test(n.protocol))&&n.host===r.host&&l.activeElement===s&&(d.top.location.href=t.value))}},d.addEventListener(\"message\",d.wp.receiveEmbedMessage,!1),l.addEventListener(\"DOMContentLoaded\",function(){for(var e,t,s=l.querySelectorAll(\"iframe.wp-embedded-content\"),r=0;r<s.length;r++)(t=(e=s[r]).getAttribute(\"data-secret\"))||(t=Math.random().toString(36).substring(2,12),e.src+=\"#?secret=\"+t,e.setAttribute(\"data-secret\",t)),e.contentWindow.postMessage({message:\"ready\",secret:t},\"*\")},!1)))}(window,document);\n\/\/# sourceURL=https:\/\/www.lfsl.net\/wp-includes\/js\/wp-embed.min.js\n<\/script>\n","thumbnail_url":"https:\/\/www.lfsl.net\/wp-content\/uploads\/2019\/09\/Skolg\u00e5rd_16-9.jpg","thumbnail_width":1200,"thumbnail_height":675,"description":"Vi vill informera om arbetena p\u00e5 skolg\u00e5rden som utf\u00f6rs p\u00e5 uppdrag av SISAB, skolbyggnadens \u00e4gare. Under de senaste dagarna har mycket arbete gjorts f\u00f6r att skydda byggnadsomr\u00e5det (dubbla byggst\u00e4ngsel med ett externt staket en meter fr\u00e5n det inre staketet) och f\u00f6r att s\u00e4kerst\u00e4lla s\u00e4kerheten f\u00f6r alla anv\u00e4ndare. Vi forts\u00e4tter diskussionerna med SISAB och det f\u00f6retag ... L\u00e4s mer"}