{"version":"1.0","provider_name":"Lyc\u00e9e Fran\u00e7ais Saint Louis de Stockholm","provider_url":"https:\/\/www.lfsl.net\/sv\/","author_name":"LFSL","author_url":"https:\/\/www.lfsl.net\/sv\/author\/lfsladmin\/","title":"Luciakonserter med eleverna i 5\u00e8me &#8211; Lyc\u00e9e Fran\u00e7ais Saint Louis de Stockholm","type":"rich","width":600,"height":338,"html":"<blockquote class=\"wp-embedded-content\" data-secret=\"mG8eBdpdm7\"><a href=\"https:\/\/www.lfsl.net\/sv\/luciakonserter-med-eleverna-i-5eme\/\">Luciakonserter med eleverna i 5\u00e8me<\/a><\/blockquote><iframe sandbox=\"allow-scripts\" security=\"restricted\" src=\"https:\/\/www.lfsl.net\/sv\/luciakonserter-med-eleverna-i-5eme\/embed\/#?secret=mG8eBdpdm7\" width=\"600\" height=\"338\" title=\"\u201dLuciakonserter med eleverna i 5\u00e8me\u201d &ndash; Lyc\u00e9e Fran\u00e7ais Saint Louis de Stockholm\" data-secret=\"mG8eBdpdm7\" frameborder=\"0\" marginwidth=\"0\" marginheight=\"0\" scrolling=\"no\" class=\"wp-embedded-content\"><\/iframe><script>\n\/*! This file is auto-generated *\/\n!function(d,l){\"use strict\";l.querySelector&&d.addEventListener&&\"undefined\"!=typeof URL&&(d.wp=d.wp||{},d.wp.receiveEmbedMessage||(d.wp.receiveEmbedMessage=function(e){var t=e.data;if((t||t.secret||t.message||t.value)&&!\/[^a-zA-Z0-9]\/.test(t.secret)){for(var s,r,n,a=l.querySelectorAll('iframe[data-secret=\"'+t.secret+'\"]'),o=l.querySelectorAll('blockquote[data-secret=\"'+t.secret+'\"]'),c=new RegExp(\"^https?:$\",\"i\"),i=0;i<o.length;i++)o[i].style.display=\"none\";for(i=0;i<a.length;i++)s=a[i],e.source===s.contentWindow&&(s.removeAttribute(\"style\"),\"height\"===t.message?(1e3<(r=parseInt(t.value,10))?r=1e3:~~r<200&&(r=200),s.height=r):\"link\"===t.message&&(r=new URL(s.getAttribute(\"src\")),n=new URL(t.value),c.test(n.protocol))&&n.host===r.host&&l.activeElement===s&&(d.top.location.href=t.value))}},d.addEventListener(\"message\",d.wp.receiveEmbedMessage,!1),l.addEventListener(\"DOMContentLoaded\",function(){for(var e,t,s=l.querySelectorAll(\"iframe.wp-embedded-content\"),r=0;r<s.length;r++)(t=(e=s[r]).getAttribute(\"data-secret\"))||(t=Math.random().toString(36).substring(2,12),e.src+=\"#?secret=\"+t,e.setAttribute(\"data-secret\",t)),e.contentWindow.postMessage({message:\"ready\",secret:t},\"*\")},!1)))}(window,document);\n\/\/# sourceURL=https:\/\/www.lfsl.net\/wp-includes\/js\/wp-embed.min.js\n<\/script>\n","thumbnail_url":"https:\/\/www.lfsl.net\/wp-content\/uploads\/2019\/12\/Lucia_4_crop.jpg","thumbnail_width":1310,"thumbnail_height":737,"description":"I \u00e5r gav eleverna i 5\u00e8me Lucia-upptr\u00e4danden tv\u00e5 kv\u00e4llar i rad, f\u00f6rst f\u00f6r LFSL:s anst\u00e4llda och sedan f\u00f6r sina f\u00f6r\u00e4ldrar.Fantastiska konserter med m\u00e5nga vackra Lucia-s\u00e5nger p\u00e5 fem olika spr\u00e5k, alla sjungna utantill och med fina solistframtr\u00e4danden! Hela dagen den 12 december \u00e4gnades \u00e5t upptr\u00e4danden f\u00f6r eleverna p\u00e5 LFSL. Gratulationer och ett stort tack till alla ... L\u00e4s mer"}