{"version":"1.0","provider_name":"Lyc\u00e9e Fran\u00e7ais Saint Louis de Stockholm","provider_url":"https:\/\/www.lfsl.net\/sv\/","author_name":"LFSL","author_url":"https:\/\/www.lfsl.net\/sv\/author\/lfsladmin\/","title":"Poeternas v\u00e5r i CM1 &#8211; Lyc\u00e9e Fran\u00e7ais Saint Louis de Stockholm","type":"rich","width":600,"height":338,"html":"<blockquote class=\"wp-embedded-content\" data-secret=\"VZI05P13mt\"><a href=\"https:\/\/www.lfsl.net\/sv\/poeternas-var-i-cm1\/\">Poeternas v\u00e5r i CM1<\/a><\/blockquote><iframe sandbox=\"allow-scripts\" security=\"restricted\" src=\"https:\/\/www.lfsl.net\/sv\/poeternas-var-i-cm1\/embed\/#?secret=VZI05P13mt\" width=\"600\" height=\"338\" title=\"\u201dPoeternas v\u00e5r i CM1\u201d &ndash; Lyc\u00e9e Fran\u00e7ais Saint Louis de Stockholm\" data-secret=\"VZI05P13mt\" frameborder=\"0\" marginwidth=\"0\" marginheight=\"0\" scrolling=\"no\" class=\"wp-embedded-content\"><\/iframe><script>\n\/*! This file is auto-generated *\/\n!function(d,l){\"use strict\";l.querySelector&&d.addEventListener&&\"undefined\"!=typeof URL&&(d.wp=d.wp||{},d.wp.receiveEmbedMessage||(d.wp.receiveEmbedMessage=function(e){var t=e.data;if((t||t.secret||t.message||t.value)&&!\/[^a-zA-Z0-9]\/.test(t.secret)){for(var s,r,n,a=l.querySelectorAll('iframe[data-secret=\"'+t.secret+'\"]'),o=l.querySelectorAll('blockquote[data-secret=\"'+t.secret+'\"]'),c=new RegExp(\"^https?:$\",\"i\"),i=0;i<o.length;i++)o[i].style.display=\"none\";for(i=0;i<a.length;i++)s=a[i],e.source===s.contentWindow&&(s.removeAttribute(\"style\"),\"height\"===t.message?(1e3<(r=parseInt(t.value,10))?r=1e3:~~r<200&&(r=200),s.height=r):\"link\"===t.message&&(r=new URL(s.getAttribute(\"src\")),n=new URL(t.value),c.test(n.protocol))&&n.host===r.host&&l.activeElement===s&&(d.top.location.href=t.value))}},d.addEventListener(\"message\",d.wp.receiveEmbedMessage,!1),l.addEventListener(\"DOMContentLoaded\",function(){for(var e,t,s=l.querySelectorAll(\"iframe.wp-embedded-content\"),r=0;r<s.length;r++)(t=(e=s[r]).getAttribute(\"data-secret\"))||(t=Math.random().toString(36).substring(2,12),e.src+=\"#?secret=\"+t,e.setAttribute(\"data-secret\",t)),e.contentWindow.postMessage({message:\"ready\",secret:t},\"*\")},!1)))}(window,document);\n\/\/# sourceURL=https:\/\/www.lfsl.net\/wp-includes\/js\/wp-embed.min.js\n<\/script>\n","thumbnail_url":"https:\/\/www.lfsl.net\/wp-content\/uploads\/2021\/05\/Printemps-des-poetes_crop.jpg","thumbnail_width":244,"thumbnail_height":137,"description":"I \u00e5r deltog CM1C och CM1 B i Poeternas v\u00e5r (Le printemps des po\u00e8tes) vars huvudsakliga m\u00e5l \u00e4r att fr\u00e4mja tillg\u00e5ngen till poesi och uppmuntra till l\u00e4sning av dikter. Barnen tr\u00e4ffade en poet, R\u00e9mi Coste, som l\u00e4rde dem att skriva och l\u00e4sa poesi. Detta projekt avslutades med en stund ljudpoesi, under vilket varje barn kunde ... L\u00e4s mer"}