{"id":25441,"date":"2026-04-29T12:49:38","date_gmt":"2026-04-29T12:49:38","guid":{"rendered":"https:\/\/www.lfsl.net\/?page_id=25441"},"modified":"2026-04-29T14:02:01","modified_gmt":"2026-04-29T14:02:01","slug":"ett-ar-i-stockholm","status":"publish","type":"page","link":"https:\/\/www.lfsl.net\/sv\/ett-ar-i-stockholm\/","title":{"rendered":"Ett \u00e5r i Stockholm"},"content":{"rendered":"\n<div class=\"wp-block-columns is-layout-flex wp-container-core-columns-is-layout-9d6595d7 wp-block-columns-is-layout-flex\">\n<div class=\"wp-block-column is-layout-flow wp-block-column-is-layout-flow\" style=\"flex-basis:66.66%\">\n<p><strong>En enast\u00e5ende akademisk upplevelse med fullst\u00e4ndig internationell immersion.<br>Ge ditt barn ett unikt \u00e5r i en trygg, m\u00e5ngkulturell och framtidsinriktad milj\u00f6.<\/strong><\/p>\n<\/div>\n\n\n\n<div class=\"wp-block-column is-layout-flow wp-block-column-is-layout-flow\" style=\"flex-basis:33.33%\">\n<figure class=\"wp-block-image size-full\"><a href=\"mailto:un_an_a_stockholm@lfsl.net\"><img loading=\"lazy\" decoding=\"async\" width=\"583\" height=\"203\" src=\"https:\/\/www.lfsl.net\/wp-content\/uploads\/2026\/04\/Bild-med-mail-sve.png\" alt=\"\" class=\"wp-image-25444\"\/><\/a><\/figure>\n<\/div>\n<\/div>\n\n\n\n<h3 class=\"wp-block-heading\">Projektet<\/h3>\n\n\n\n<div class=\"wp-block-columns is-layout-flex wp-container-core-columns-is-layout-9d6595d7 wp-block-columns-is-layout-flex\">\n<div class=\"wp-block-column is-layout-flow wp-block-column-is-layout-flow\">\n<p>Programmet \u201cEtt \u00e5r i Stockholm\u201d erbjuder elever i Seconde (1:a \u00e5ret p\u00e5 gymnasiet), Premi\u00e8re (2:a \u00e5ret p\u00e5 gymnasiet) eller Terminale (3:e \u00e5ret p\u00e5 gymnasiet) m\u00f6jligheten att tillbringa ett helt l\u00e4s\u00e5r vid Franska Internationella skolan, Lyc\u00e9e Fran\u00e7ais Saint Louis i Stockholm, eller mer, i en milj\u00f6 som \u00e4r b\u00e5de kr\u00e4vande, s\u00e4ker och djupt berikande.<\/p>\n\n\n\n<p>Eleverna forts\u00e4tter sin utbildning inom det franska skolsystemet utan avbrott, samtidigt som de f\u00e5r en omedelbar spr\u00e5klig f\u00f6rdjupning i engelska och svenska, mitt i en trespr\u00e5kig milj\u00f6. Denna erfarenhet \u00e4r en verklig tillg\u00e5ng f\u00f6r Parcoursup samt f\u00f6r universitet utomlands. F\u00f6r familjer \u2013 b\u00e5de elevernas och v\u00e4rdfamiljerna \u2013 \u00e4r det ocks\u00e5 ett unikt relationellt \u00e4ventyr: ett projekt baserat p\u00e5 f\u00f6rtroende, kulturutbyte och st\u00f6d, d\u00e4r alla aktivt bidrar till elevens personliga utveckling och framg\u00e5ng.<\/p>\n\n\n\n<p><\/p>\n<\/div>\n\n\n\n<div class=\"wp-block-column is-layout-flow wp-block-column-is-layout-flow\">\n<figure class=\"wp-block-image size-full\"><img loading=\"lazy\" decoding=\"async\" width=\"647\" height=\"429\" src=\"https:\/\/www.lfsl.net\/wp-content\/uploads\/2026\/04\/Bild-Canvas.png\" alt=\"\" class=\"wp-image-25310\" srcset=\"https:\/\/www.lfsl.net\/wp-content\/uploads\/2026\/04\/Bild-Canvas.png 647w, https:\/\/www.lfsl.net\/wp-content\/uploads\/2026\/04\/Bild-Canvas-600x398.png 600w\" sizes=\"auto, (max-width: 647px) 100vw, 647px\" \/><\/figure>\n<\/div>\n<\/div>\n\n\n\n<h3 class=\"wp-block-heading\">Tre grundpelare<\/h3>\n\n\n\n<ul class=\"wp-block-list\">\n<li><strong>Akademisk kontinuitet<\/strong><\/li>\n<\/ul>\n\n\n\n<p>Programmet s\u00e4kerst\u00e4ller full kontinuitet inom det franska utbildningssystemet, vilket g\u00f6r det m\u00f6jligt f\u00f6r eleverna att genomf\u00f6ra sitt skol\u00e5r utan avbrott eller risk f\u00f6r deras studieg\u00e5ng. Inskrivna vid det franska Lyc\u00e9e Saint Louis i Stockholm befinner de sig i en strukturerad och kr\u00e4vande milj\u00f6. F\u00f6r v\u00e4rdfamiljer inneb\u00e4r detta att de tar emot en engagerad elev med stabil uppf\u00f6ljning och en tydlig ram.<\/p>\n\n\n\n<ul class=\"wp-block-list\">\n<li><strong>Ett tryggt projekt<\/strong><\/li>\n<\/ul>\n\n\n\n<p>Allt \u00e4r utformat f\u00f6r att skapa en s\u00e4ker och trygg milj\u00f6. En tydlig juridisk ram reglerar elevens vistelse, medan f\u00f6rs\u00e4kring och sjukv\u00e5rdsarrangemang s\u00e4kerst\u00e4ller det dagliga skyddet. De familjer vars barn g\u00e5r i skolan p\u00e5 detta s\u00e4tt (ursprungsfamiljer) kan d\u00e4rf\u00f6r k\u00e4nna trygghet, medan v\u00e4rdfamiljer f\u00e5r tydlig v\u00e4gledning och klara referensramar i sin roll.<\/p>\n\n\n\n<ul class=\"wp-block-list\">\n<li><strong>Logistik och personligt st\u00f6d<\/strong><\/li>\n<\/ul>\n\n\n\n<p>Organisationen bygger p\u00e5 en balans mellan elevens sj\u00e4lvst\u00e4ndighet och n\u00e4ra st\u00f6d. Genom att bo hos en familj delar eleven vardagen och uppt\u00e4cker en ny kultur inifr\u00e5n. Skolan ger regelbunden uppf\u00f6ljning, b\u00e5de akademiskt och personligt. F\u00f6r v\u00e4rdfamiljer \u00e4r det ett berikande utbyte, och f\u00f6r uts\u00e4ndande familjer en garanti f\u00f6r att deras barn v\u00e4xer i en omt\u00e4nksam och st\u00f6djande milj\u00f6.<\/p>\n\n\n\n<h3 class=\"wp-block-heading\">Viktiga f\u00f6rdelar<\/h3>\n\n\n\n<p>Att leva i Sverige g\u00f6r det m\u00f6jligt f\u00f6r ditt barn att uppt\u00e4cka ett av Europas mest innovativa l\u00e4nder, samtidigt som hen utvecklar sj\u00e4lvst\u00e4ndighet och ansvar. I vardagen tr\u00e4nas engelska naturligt \u2013 b\u00e5de i skolan och utanf\u00f6r \u2013 och eleven \u00f6ppnar sig f\u00f6r en ny, rik och annorlunda kultur.<\/p>\n\n\n\n<p>F\u00f6r er, som uts\u00e4ndande eller v\u00e4rdfamilj, \u00e4r detta en konkret upplevelse av internationell \u00f6ppenhet som g\u00e5r bortom skolans ramar och blir ett verkligt livs- och utbytesprojekt.<\/p>\n\n\n\n<h3 class=\"wp-block-heading\">Budget<\/h3>\n\n\n\n<p>Man b\u00f6r r\u00e4kna med mellan 24 000 \u20ac och 26 000 \u20ac f\u00f6r att t\u00e4cka hela upplevelsen: skolavgifter, boende hos v\u00e4rdfamilj, vardagskostnader och f\u00f6rs\u00e4kring. Avgifterna som r\u00f6r skolg\u00e5ngen betalas till LFSL, och boendekostnaderna betalas direkt till v\u00e4rdfamiljen. Hela uppl\u00e4gget regleras juridiskt genom ett avtal. Som familj kan ni planera detta projekt med trygghet och full transparens av kostnaderna. Man b\u00f6r ocks\u00e5 ta h\u00e4nsyn till de utgifter som den egna familjen inte l\u00e4ngre har f\u00f6r sitt barns vardag i Stockholm: mat, skolm\u00e5ltider, skolmaterial och l\u00e4rob\u00f6cker, eventuella skolavgifter samt dagliga transportkostnader.<\/p>\n\n\n\n<p>F\u00f6r v\u00e4rdfamiljer s\u00e4kerst\u00e4ller denna ram balanserade och tydliga villkor som fr\u00e4mjar ett f\u00f6rtroendefullt samarbete. Finansieringsl\u00f6sningar eller delvis st\u00f6d kan ocks\u00e5 finnas beroende p\u00e5 er situation, f\u00f6r att g\u00f6ra upplevelsen tillg\u00e4nglig f\u00f6r s\u00e5 m\u00e5nga som m\u00f6jligt.<\/p>\n\n\n\n<hr class=\"wp-block-separator has-alpha-channel-opacity\"\/>\n\n\n\n<p><strong>\u00c4r du intresserad som elev, som f\u00f6r\u00e4lder till en elev eller som v\u00e4rdfamilj?<\/strong><\/p>\n\n\n\n<p><strong>Kontakta oss p\u00e5 f\u00f6ljande e-postadress f\u00f6r ett personligt samtal:<\/strong> <a href=\"mailto:un_an_a_stockholm@lfsl.net\">un_an_a_stockholm@lfsl.net<\/a><\/p>\n\n\n\n<hr class=\"wp-block-separator has-alpha-channel-opacity\"\/>\n\n\n\n<div class=\"wp-block-columns is-layout-flex wp-container-core-columns-is-layout-9d6595d7 wp-block-columns-is-layout-flex\">\n<div class=\"wp-block-column is-layout-flow wp-block-column-is-layout-flow\">\n<figure class=\"wp-block-image size-full\"><a href=\"https:\/\/www.lfsl.net\/wp-content\/uploads\/2026\/04\/Flyer-UAS-Familles-origines.pdf\" target=\"_blank\" rel=\" noreferrer noopener\"><img loading=\"lazy\" decoding=\"async\" width=\"616\" height=\"859\" src=\"https:\/\/www.lfsl.net\/wp-content\/uploads\/2026\/04\/Flyer_cover-1.png\" alt=\"\" class=\"wp-image-25282\" srcset=\"https:\/\/www.lfsl.net\/wp-content\/uploads\/2026\/04\/Flyer_cover-1.png 616w, https:\/\/www.lfsl.net\/wp-content\/uploads\/2026\/04\/Flyer_cover-1-430x600.png 430w\" sizes=\"auto, (max-width: 616px) 100vw, 616px\" \/><\/a><\/figure>\n<\/div>\n\n\n\n<div class=\"wp-block-column is-layout-flow wp-block-column-is-layout-flow\">\n<figure class=\"wp-block-image size-full\"><a href=\"https:\/\/www.lfsl.net\/wp-content\/uploads\/2026\/04\/Vivez-une-experience-internationale-sans-sortir-de-chez-vous-1.pdf\" target=\"_blank\" rel=\" noreferrer noopener\"><img loading=\"lazy\" decoding=\"async\" width=\"616\" height=\"862\" src=\"https:\/\/www.lfsl.net\/wp-content\/uploads\/2026\/04\/Flyer_familles_cover.png\" alt=\"\" class=\"wp-image-25318\" srcset=\"https:\/\/www.lfsl.net\/wp-content\/uploads\/2026\/04\/Flyer_familles_cover.png 616w, https:\/\/www.lfsl.net\/wp-content\/uploads\/2026\/04\/Flyer_familles_cover-429x600.png 429w\" sizes=\"auto, (max-width: 616px) 100vw, 616px\" \/><\/a><\/figure>\n<\/div>\n<\/div>\n\n\n\n<p><a href=\"https:\/\/www.lfsl.net\/wp-content\/uploads\/2026\/04\/Flyer-UAS-Familles-origines.pdf\" target=\"_blank\" rel=\"noreferrer noopener\"><\/a><br><a href=\"https:\/\/www.lfsl.net\/wp-content\/uploads\/2026\/04\/Vivez-une-experience-internationale-sans-sortir-de-chez-vous-1.pdf\" target=\"_blank\" rel=\"noreferrer noopener\"><\/a><br><\/p>\n","protected":false},"excerpt":{"rendered":"<p>En enast\u00e5ende akademisk upplevelse med fullst\u00e4ndig internationell immersion.Ge ditt barn ett unikt \u00e5r i en trygg, m\u00e5ngkulturell och framtidsinriktad milj\u00f6. Projektet Programmet \u201cEtt \u00e5r i Stockholm\u201d erbjuder elever i Seconde (1:a \u00e5ret p\u00e5 gymnasiet), Premi\u00e8re (2:a \u00e5ret p\u00e5 gymnasiet) eller Terminale (3:e \u00e5ret p\u00e5 gymnasiet) m\u00f6jligheten att tillbringa ett helt l\u00e4s\u00e5r vid Franska Internationella skolan, &#8230; <\/p>\n<p class=\"read-more-container\"><a title=\"Ett \u00e5r i Stockholm\" class=\"read-more button\" href=\"https:\/\/www.lfsl.net\/sv\/ett-ar-i-stockholm\/#more-25441\" aria-label=\"L\u00e4s mer om Ett \u00e5r i Stockholm\">L\u00e4s mer<\/a><\/p>\n","protected":false},"author":1,"featured_media":0,"parent":0,"menu_order":0,"comment_status":"closed","ping_status":"closed","template":"","meta":{"footnotes":""},"class_list":["post-25441","page","type-page","status-publish"],"yoast_head":"<!-- This site is optimized with the Yoast SEO plugin v27.4 - https:\/\/yoast.com\/product\/yoast-seo-wordpress\/ -->\n<title>Ett \u00e5r i Stockholm &#8211; Lyc\u00e9e Fran\u00e7ais Saint Louis de Stockholm<\/title>\n<meta name=\"robots\" content=\"index, follow, max-snippet:-1, max-image-preview:large, max-video-preview:-1\" \/>\n<link rel=\"canonical\" href=\"https:\/\/www.lfsl.net\/sv\/ett-ar-i-stockholm\/\" \/>\n<meta property=\"og:locale\" content=\"sv_SE\" \/>\n<meta property=\"og:type\" content=\"article\" \/>\n<meta property=\"og:title\" content=\"Ett \u00e5r i Stockholm &#8211; Lyc\u00e9e Fran\u00e7ais Saint Louis de Stockholm\" \/>\n<meta property=\"og:description\" content=\"En enast\u00e5ende akademisk upplevelse med fullst\u00e4ndig internationell immersion.Ge ditt barn ett unikt \u00e5r i en trygg, m\u00e5ngkulturell och framtidsinriktad milj\u00f6. Projektet Programmet \u201cEtt \u00e5r i Stockholm\u201d erbjuder elever i Seconde (1:a \u00e5ret p\u00e5 gymnasiet), Premi\u00e8re (2:a \u00e5ret p\u00e5 gymnasiet) eller Terminale (3:e \u00e5ret p\u00e5 gymnasiet) m\u00f6jligheten att tillbringa ett helt l\u00e4s\u00e5r vid Franska Internationella skolan, ... L\u00e4s mer\" \/>\n<meta property=\"og:url\" content=\"https:\/\/www.lfsl.net\/sv\/ett-ar-i-stockholm\/\" \/>\n<meta property=\"og:site_name\" content=\"Lyc\u00e9e Fran\u00e7ais Saint Louis de Stockholm\" \/>\n<meta property=\"article:publisher\" content=\"https:\/\/www.facebook.com\/Lyc%c3%a9e-Francais-Saint-Louis-182116921840529\/\" \/>\n<meta property=\"article:modified_time\" content=\"2026-04-29T14:02:01+00:00\" \/>\n<meta property=\"og:image\" content=\"https:\/\/www.lfsl.net\/wp-content\/uploads\/2026\/04\/Bild-med-mail-sve.png\" \/>\n\t<meta property=\"og:image:width\" content=\"583\" \/>\n\t<meta property=\"og:image:height\" content=\"203\" \/>\n\t<meta property=\"og:image:type\" content=\"image\/png\" \/>\n<meta name=\"twitter:card\" content=\"summary_large_image\" \/>\n<script type=\"application\/ld+json\" class=\"yoast-schema-graph\">{\"@context\":\"https:\\\/\\\/schema.org\",\"@graph\":[{\"@type\":\"WebPage\",\"@id\":\"https:\\\/\\\/www.lfsl.net\\\/sv\\\/ett-ar-i-stockholm\\\/\",\"url\":\"https:\\\/\\\/www.lfsl.net\\\/sv\\\/ett-ar-i-stockholm\\\/\",\"name\":\"Ett \u00e5r i Stockholm &#8211; Lyc\u00e9e Fran\u00e7ais Saint Louis de Stockholm\",\"isPartOf\":{\"@id\":\"https:\\\/\\\/www.lfsl.net\\\/sv\\\/#website\"},\"primaryImageOfPage\":{\"@id\":\"https:\\\/\\\/www.lfsl.net\\\/sv\\\/ett-ar-i-stockholm\\\/#primaryimage\"},\"image\":{\"@id\":\"https:\\\/\\\/www.lfsl.net\\\/sv\\\/ett-ar-i-stockholm\\\/#primaryimage\"},\"thumbnailUrl\":\"https:\\\/\\\/www.lfsl.net\\\/wp-content\\\/uploads\\\/2026\\\/04\\\/Bild-med-mail-sve.png\",\"datePublished\":\"2026-04-29T12:49:38+00:00\",\"dateModified\":\"2026-04-29T14:02:01+00:00\",\"breadcrumb\":{\"@id\":\"https:\\\/\\\/www.lfsl.net\\\/sv\\\/ett-ar-i-stockholm\\\/#breadcrumb\"},\"inLanguage\":\"sv-SE\",\"potentialAction\":[{\"@type\":\"ReadAction\",\"target\":[\"https:\\\/\\\/www.lfsl.net\\\/sv\\\/ett-ar-i-stockholm\\\/\"]}]},{\"@type\":\"ImageObject\",\"inLanguage\":\"sv-SE\",\"@id\":\"https:\\\/\\\/www.lfsl.net\\\/sv\\\/ett-ar-i-stockholm\\\/#primaryimage\",\"url\":\"https:\\\/\\\/www.lfsl.net\\\/wp-content\\\/uploads\\\/2026\\\/04\\\/Bild-med-mail-sve.png\",\"contentUrl\":\"https:\\\/\\\/www.lfsl.net\\\/wp-content\\\/uploads\\\/2026\\\/04\\\/Bild-med-mail-sve.png\"},{\"@type\":\"BreadcrumbList\",\"@id\":\"https:\\\/\\\/www.lfsl.net\\\/sv\\\/ett-ar-i-stockholm\\\/#breadcrumb\",\"itemListElement\":[{\"@type\":\"ListItem\",\"position\":1,\"name\":\"Home\",\"item\":\"https:\\\/\\\/www.lfsl.net\\\/sv\\\/\"},{\"@type\":\"ListItem\",\"position\":2,\"name\":\"Ett \u00e5r i Stockholm\"}]},{\"@type\":\"WebSite\",\"@id\":\"https:\\\/\\\/www.lfsl.net\\\/sv\\\/#website\",\"url\":\"https:\\\/\\\/www.lfsl.net\\\/sv\\\/\",\"name\":\"Lyc\u00e9e Fran\u00e7ais Saint Louis de Stockholm\",\"description\":\"\u00c9tablissement membre du r\u00e9seau AEFE\",\"publisher\":{\"@id\":\"https:\\\/\\\/www.lfsl.net\\\/sv\\\/#organization\"},\"potentialAction\":[{\"@type\":\"SearchAction\",\"target\":{\"@type\":\"EntryPoint\",\"urlTemplate\":\"https:\\\/\\\/www.lfsl.net\\\/sv\\\/?s={search_term_string}\"},\"query-input\":{\"@type\":\"PropertyValueSpecification\",\"valueRequired\":true,\"valueName\":\"search_term_string\"}}],\"inLanguage\":\"sv-SE\"},{\"@type\":\"Organization\",\"@id\":\"https:\\\/\\\/www.lfsl.net\\\/sv\\\/#organization\",\"name\":\"Lyc\u00e9e Fran\u00e7ais Saint Louis\",\"url\":\"https:\\\/\\\/www.lfsl.net\\\/sv\\\/\",\"logo\":{\"@type\":\"ImageObject\",\"inLanguage\":\"sv-SE\",\"@id\":\"https:\\\/\\\/www.lfsl.net\\\/sv\\\/#\\\/schema\\\/logo\\\/image\\\/\",\"url\":\"https:\\\/\\\/www.lfsl.net\\\/wp-content\\\/uploads\\\/2021\\\/03\\\/LFSL-logo.jpg\",\"contentUrl\":\"https:\\\/\\\/www.lfsl.net\\\/wp-content\\\/uploads\\\/2021\\\/03\\\/LFSL-logo.jpg\",\"width\":330,\"height\":473,\"caption\":\"Lyc\u00e9e Fran\u00e7ais Saint Louis\"},\"image\":{\"@id\":\"https:\\\/\\\/www.lfsl.net\\\/sv\\\/#\\\/schema\\\/logo\\\/image\\\/\"},\"sameAs\":[\"https:\\\/\\\/www.facebook.com\\\/Lyc\u00e9e-Francais-Saint-Louis-182116921840529\\\/\",\"https:\\\/\\\/www.instagram.com\\\/lyceefrancaisstockholm\\\/\",\"https:\\\/\\\/www.linkedin.com\\\/school\\\/lfsl\\\/\",\"https:\\\/\\\/www.youtube.com\\\/channel\\\/UCchS4IO4jE_YY0ILwn5NgGQ\"]}]}<\/script>\n<!-- \/ Yoast SEO plugin. -->","yoast_head_json":{"title":"Ett \u00e5r i Stockholm &#8211; Lyc\u00e9e Fran\u00e7ais Saint Louis de Stockholm","robots":{"index":"index","follow":"follow","max-snippet":"max-snippet:-1","max-image-preview":"max-image-preview:large","max-video-preview":"max-video-preview:-1"},"canonical":"https:\/\/www.lfsl.net\/sv\/ett-ar-i-stockholm\/","og_locale":"sv_SE","og_type":"article","og_title":"Ett \u00e5r i Stockholm &#8211; Lyc\u00e9e Fran\u00e7ais Saint Louis de Stockholm","og_description":"En enast\u00e5ende akademisk upplevelse med fullst\u00e4ndig internationell immersion.Ge ditt barn ett unikt \u00e5r i en trygg, m\u00e5ngkulturell och framtidsinriktad milj\u00f6. Projektet Programmet \u201cEtt \u00e5r i Stockholm\u201d erbjuder elever i Seconde (1:a \u00e5ret p\u00e5 gymnasiet), Premi\u00e8re (2:a \u00e5ret p\u00e5 gymnasiet) eller Terminale (3:e \u00e5ret p\u00e5 gymnasiet) m\u00f6jligheten att tillbringa ett helt l\u00e4s\u00e5r vid Franska Internationella skolan, ... L\u00e4s mer","og_url":"https:\/\/www.lfsl.net\/sv\/ett-ar-i-stockholm\/","og_site_name":"Lyc\u00e9e Fran\u00e7ais Saint Louis de Stockholm","article_publisher":"https:\/\/www.facebook.com\/Lyc%c3%a9e-Francais-Saint-Louis-182116921840529\/","article_modified_time":"2026-04-29T14:02:01+00:00","og_image":[{"width":583,"height":203,"url":"https:\/\/www.lfsl.net\/wp-content\/uploads\/2026\/04\/Bild-med-mail-sve.png","type":"image\/png"}],"twitter_card":"summary_large_image","schema":{"@context":"https:\/\/schema.org","@graph":[{"@type":"WebPage","@id":"https:\/\/www.lfsl.net\/sv\/ett-ar-i-stockholm\/","url":"https:\/\/www.lfsl.net\/sv\/ett-ar-i-stockholm\/","name":"Ett \u00e5r i Stockholm &#8211; Lyc\u00e9e Fran\u00e7ais Saint Louis de Stockholm","isPartOf":{"@id":"https:\/\/www.lfsl.net\/sv\/#website"},"primaryImageOfPage":{"@id":"https:\/\/www.lfsl.net\/sv\/ett-ar-i-stockholm\/#primaryimage"},"image":{"@id":"https:\/\/www.lfsl.net\/sv\/ett-ar-i-stockholm\/#primaryimage"},"thumbnailUrl":"https:\/\/www.lfsl.net\/wp-content\/uploads\/2026\/04\/Bild-med-mail-sve.png","datePublished":"2026-04-29T12:49:38+00:00","dateModified":"2026-04-29T14:02:01+00:00","breadcrumb":{"@id":"https:\/\/www.lfsl.net\/sv\/ett-ar-i-stockholm\/#breadcrumb"},"inLanguage":"sv-SE","potentialAction":[{"@type":"ReadAction","target":["https:\/\/www.lfsl.net\/sv\/ett-ar-i-stockholm\/"]}]},{"@type":"ImageObject","inLanguage":"sv-SE","@id":"https:\/\/www.lfsl.net\/sv\/ett-ar-i-stockholm\/#primaryimage","url":"https:\/\/www.lfsl.net\/wp-content\/uploads\/2026\/04\/Bild-med-mail-sve.png","contentUrl":"https:\/\/www.lfsl.net\/wp-content\/uploads\/2026\/04\/Bild-med-mail-sve.png"},{"@type":"BreadcrumbList","@id":"https:\/\/www.lfsl.net\/sv\/ett-ar-i-stockholm\/#breadcrumb","itemListElement":[{"@type":"ListItem","position":1,"name":"Home","item":"https:\/\/www.lfsl.net\/sv\/"},{"@type":"ListItem","position":2,"name":"Ett \u00e5r i Stockholm"}]},{"@type":"WebSite","@id":"https:\/\/www.lfsl.net\/sv\/#website","url":"https:\/\/www.lfsl.net\/sv\/","name":"Lyc\u00e9e Fran\u00e7ais Saint Louis de Stockholm","description":"\u00c9tablissement membre du r\u00e9seau AEFE","publisher":{"@id":"https:\/\/www.lfsl.net\/sv\/#organization"},"potentialAction":[{"@type":"SearchAction","target":{"@type":"EntryPoint","urlTemplate":"https:\/\/www.lfsl.net\/sv\/?s={search_term_string}"},"query-input":{"@type":"PropertyValueSpecification","valueRequired":true,"valueName":"search_term_string"}}],"inLanguage":"sv-SE"},{"@type":"Organization","@id":"https:\/\/www.lfsl.net\/sv\/#organization","name":"Lyc\u00e9e Fran\u00e7ais Saint Louis","url":"https:\/\/www.lfsl.net\/sv\/","logo":{"@type":"ImageObject","inLanguage":"sv-SE","@id":"https:\/\/www.lfsl.net\/sv\/#\/schema\/logo\/image\/","url":"https:\/\/www.lfsl.net\/wp-content\/uploads\/2021\/03\/LFSL-logo.jpg","contentUrl":"https:\/\/www.lfsl.net\/wp-content\/uploads\/2021\/03\/LFSL-logo.jpg","width":330,"height":473,"caption":"Lyc\u00e9e Fran\u00e7ais Saint Louis"},"image":{"@id":"https:\/\/www.lfsl.net\/sv\/#\/schema\/logo\/image\/"},"sameAs":["https:\/\/www.facebook.com\/Lyc\u00e9e-Francais-Saint-Louis-182116921840529\/","https:\/\/www.instagram.com\/lyceefrancaisstockholm\/","https:\/\/www.linkedin.com\/school\/lfsl\/","https:\/\/www.youtube.com\/channel\/UCchS4IO4jE_YY0ILwn5NgGQ"]}]}},"_links":{"self":[{"href":"https:\/\/www.lfsl.net\/sv\/wp-json\/wp\/v2\/pages\/25441","targetHints":{"allow":["GET"]}}],"collection":[{"href":"https:\/\/www.lfsl.net\/sv\/wp-json\/wp\/v2\/pages"}],"about":[{"href":"https:\/\/www.lfsl.net\/sv\/wp-json\/wp\/v2\/types\/page"}],"author":[{"embeddable":true,"href":"https:\/\/www.lfsl.net\/sv\/wp-json\/wp\/v2\/users\/1"}],"replies":[{"embeddable":true,"href":"https:\/\/www.lfsl.net\/sv\/wp-json\/wp\/v2\/comments?post=25441"}],"version-history":[{"count":7,"href":"https:\/\/www.lfsl.net\/sv\/wp-json\/wp\/v2\/pages\/25441\/revisions"}],"predecessor-version":[{"id":25464,"href":"https:\/\/www.lfsl.net\/sv\/wp-json\/wp\/v2\/pages\/25441\/revisions\/25464"}],"wp:attachment":[{"href":"https:\/\/www.lfsl.net\/sv\/wp-json\/wp\/v2\/media?parent=25441"}],"curies":[{"name":"wp","href":"https:\/\/api.w.org\/{rel}","templated":true}]}}